{"id":777,"date":"2025-12-04T17:45:21","date_gmt":"2025-12-04T15:45:21","guid":{"rendered":"https:\/\/payment.m.ro\/mfg\/?post_type=product&#038;p=777"},"modified":"2025-12-04T17:45:22","modified_gmt":"2025-12-04T15:45:22","slug":"supliment-zf-dupa-afaceri-premium-ianuarie-februarie-2025","status":"publish","type":"product","link":"https:\/\/payment.m.ro\/mfg\/?product=supliment-zf-dupa-afaceri-premium-ianuarie-februarie-2025","title":{"rendered":"Supliment ZF &#8211; Dup\u0103 Afaceri Premium \u2013 ianuarie-februarie 2025"},"content":{"rendered":"<div>\n<p><strong>Despre panacee emo\u0163ionale<\/strong><\/p>\n<p>Tr\u0103im \u00eentr-o perioad\u0103 \u00een care lucrurile se schimb\u0103 cu viteza luminii. P\u0103\u015fim pe scena lumii ca pe nisipuri mi\u015fc\u0103toare. Nu \u015ftim dac\u0103 urm\u0103torul pas va fi sigur sau nu. Nu \u015ftim dac\u0103 ne \u00eendrept\u0103m spre ceva \u015fi dac\u0103 da, \u00eencotro. Nu \u015ftim dac\u0103 mergem \u00eenainte (cu revolu\u0163ia AI a\u015fa ar p\u0103rea) sau \u00eenapoi (acum 100 de ani ca s\u0103 fiu mai exact\u0103). \u015ei \u00een acest context, c\u00e2nd sute de mici cutremure economice, politice \u015fi sociale risc\u0103 s\u0103 ne destabilizeze zi de zi funda\u0163ia, ce r\u0103m\u00e2ne de f\u0103cut? Cred c\u0103 trebuie s\u0103 ne \u00eentoarcem privirea c\u0103tre frumos, trebuie s\u0103 \u00eel c\u0103ut\u0103m, \u00een mod voit, inten\u0163ionat. Mi-a r\u0103mas \u00een minte un citat de acum cinci ani al Ioanei Ciocan, general manager la Art Safari, poate cel mai cunoscut eveniment de art\u0103 de pe plan local. |n plin\u0103 pandemie, c\u00e2nd incertitudinea, teama \u015fi frustrarea erau cuvintele de ordine, la \u00eentrebarea ce este arta, ea a spus \u201eeste \u015fi necesitate, \u015fi pl\u0103cere, \u015fi r\u0103sf\u0103\u0163 la un loc. Arta \u015fi frumosul vor continua s\u0103 existe mereu \u00een via\u0163a noastr\u0103\u201d. Tot atunci, a numit arta drept un panaceu emo\u0163ional. Iar ast\u0103zi, nu pot dec\u00e2t s\u0103 sus\u0163in c\u0103 afirma\u0163iile sale sunt mai adev\u0103rate dec\u00e2t oric\u00e2nd. Tocmai de aceea, arta &#8211; \u00een variile ei forme (\u015fi sunt c\u00e2teva) \u2013 este subiectul central al primei edi\u0163ii a revistei Dup\u0103 Afaceri Premium din 2025. Vorbim despre artizanat, despre sculptur\u0103, despre ilustra\u0163ie, pictur\u0103 \u015fi desen, dar \u015fi despre multe altele. P\u00e2n\u0103 la urm\u0103, ce e arta? Poate cel care a imaginat un nou model de ma\u015fin\u0103, prin prisma laturii estetice a produsului, s\u0103 fie definit drept artist? La fel \u015fi creatorul unei re\u0163ete speciale de ciocolat\u0103, \u201etradus\u0103\u201c \u00eentr-o form\u0103 aparte? Citi\u0163i pove\u015ftile pe care vi le-am preg\u0103tit \u00een paginile care urmeaz\u0103 \u015fi spune\u0163i-ne voi! Iar dac\u0103 nu sunte\u0163i convin\u015fi, \u00eemi \u00eenchei \u201epledoaria\u201c cu un alt citat (mai pu\u0163in oficial) despre art\u0103 care mie \u00eemi place foarte mult. Arta nu trebuie s\u0103 fie frumoas\u0103, ea trebuie s\u0103 te fac\u0103 s\u0103 sim\u0163i ceva! Ceea ce v\u0103 doresc \u015fi vou\u0103! Lectur\u0103 placut\u0103!<\/p>\n<\/div>\n<div><strong><em>Cristina Ro\u015fca,<\/em><\/strong><br \/>\n<strong><em>Editor-\u015fef Dup\u0103 Afaceri Premium<\/em><\/strong><\/div>\n<p>Mai multe detalii pute\u0163i citi \u00een cel mai nou num\u0103r din Dup\u0103 Afaceri Premium.<\/p>\n<p><em><strong>Edi\u0163iile print sunt valabile \u00een limita stocului disponibil. \u00cen cazul \u00een care stocul se epuizeaz\u0103 va fi livrat\u0103 edi\u0163ia electronic\u0103.<\/strong><\/em><\/p>\n<p>Comand\u0103 Suplimentul Dup\u0103 Afaceri Premium\u00a0mai jos la pre\u0163ul de 50 de lei, TVA inclus.<\/p>\n<p>Pentru abonamente ZF, v\u0103 rug\u0103m contacta\u0163i-ne la adresa de e-mail claudia.mirt@m.ro.<\/p>\n","protected":false},"excerpt":{"rendered":"<p><strong>Despre panacee emo\u0163ionale<\/strong><\/p>\n<p>Tr\u0103im \u00eentr-o perioad\u0103 \u00een care lucrurile se schimb\u0103 cu viteza luminii. P\u0103\u015fim pe scena lumii ca pe nisipuri mi\u015fc\u0103toare. Nu \u015ftim dac\u0103 urm\u0103torul pas va fi sigur sau nu.<\/p>\n","protected":false},"featured_media":776,"template":"","meta":[],"product_brand":[27],"product_cat":[47],"product_tag":[49,48],"class_list":{"0":"post-777","1":"product","2":"type-product","3":"status-publish","4":"has-post-thumbnail","6":"product_brand-ziarul-financiar","7":"product_cat-supliment-zf","8":"product_tag-dupa-afaceri-premium","9":"product_tag-supliment-zf","11":"first","12":"instock","13":"shipping-taxable","14":"purchasable","15":"product-type-simple"},"_links":{"self":[{"href":"https:\/\/payment.m.ro\/mfg\/index.php?rest_route=\/wp\/v2\/product\/777","targetHints":{"allow":["GET"]}}],"collection":[{"href":"https:\/\/payment.m.ro\/mfg\/index.php?rest_route=\/wp\/v2\/product"}],"about":[{"href":"https:\/\/payment.m.ro\/mfg\/index.php?rest_route=\/wp\/v2\/types\/product"}],"wp:featuredmedia":[{"embeddable":true,"href":"https:\/\/payment.m.ro\/mfg\/index.php?rest_route=\/wp\/v2\/media\/776"}],"wp:attachment":[{"href":"https:\/\/payment.m.ro\/mfg\/index.php?rest_route=%2Fwp%2Fv2%2Fmedia&parent=777"}],"wp:term":[{"taxonomy":"product_brand","embeddable":true,"href":"https:\/\/payment.m.ro\/mfg\/index.php?rest_route=%2Fwp%2Fv2%2Fproduct_brand&post=777"},{"taxonomy":"product_cat","embeddable":true,"href":"https:\/\/payment.m.ro\/mfg\/index.php?rest_route=%2Fwp%2Fv2%2Fproduct_cat&post=777"},{"taxonomy":"product_tag","embeddable":true,"href":"https:\/\/payment.m.ro\/mfg\/index.php?rest_route=%2Fwp%2Fv2%2Fproduct_tag&post=777"}],"curies":[{"name":"wp","href":"https:\/\/api.w.org\/{rel}","templated":true}]}}